{"id":786,"date":"2018-05-24T15:19:37","date_gmt":"2018-05-24T18:19:37","guid":{"rendered":"https:\/\/capobiancofisioterapia.com.br\/produtos\/?post_type=product&#038;p=786"},"modified":"2023-10-10T07:42:50","modified_gmt":"2023-10-10T10:42:50","slug":"tracao-cervical","status":"publish","type":"product","link":"https:\/\/capobiancofisioterapia.com.br\/produtos\/produto\/tracao-cervical\/","title":{"rendered":"Tra\u00e7\u00e3o Cervical"},"content":{"rendered":"<ul>\n<li class=\"descricao\"><strong>Indica\u00e7\u00f5es<\/strong>\n<ul>\n<li class=\"descricao\">Curva cervical retificada<\/li>\n<li>Tens\u00e3o muscular na regi\u00e3o cervical<\/li>\n<li class=\"descricao\">M\u00e1 postura cr\u00f4nica<\/li>\n<li class=\"descricao\">Torcicolo \/ rigidez no pesco\u00e7o<\/li>\n<li class=\"descricao\">Dor de cabe\u00e7a<\/li>\n<li class=\"descricao\">Disfun\u00e7\u00e3o do ATM (mand\u00edbula)<\/li>\n<\/ul>\n<\/li>\n<\/ul>\n<ul>\n<li><strong>Garantia<\/strong>\n<ul>\n<li>12 meses contra deforma\u00e7\u00f5es na espuma.<\/li>\n<\/ul>\n<\/li>\n<\/ul>\n","protected":false},"excerpt":{"rendered":"<p class=\"descricao\">O cuidado quiropr\u00e1tico e\/ou tratamento fisioterap\u00eautico podem continuar fora do consult\u00f3rio com a Tra\u00e7\u00e3o Cervical. Tecidos moles da regi\u00e3o cervical, como m\u00fasculos, tend\u00f5es e ligamentos recebem um alongamento profundo em uma forma passiva, com o objetivo de devolver a curva fisiol\u00f3gica cervical, melhorar a mobilidade, al\u00e9m de diminuir a tens\u00e3o muscular, retardando o processo de degenera\u00e7\u00e3o \u00f3ssea e discal.<\/p>\n<p>Cada sess\u00e3o dura somente de 5 a 15 minutos.<\/p>\n<p>A Tra\u00e7\u00e3o Cervical \u00e9 feita de espuma viscoel\u00e1stica, acompanha as curvas anat\u00f4micas da cervical. Resulta em um produto confort\u00e1vel, seguro e, o mais importante, eficiente!<\/p>\n","protected":false},"featured_media":805,"comment_status":"open","ping_status":"closed","template":"","meta":[],"product_brand":[],"product_cat":[23],"product_tag":[],"class_list":{"0":"post-786","1":"product","2":"type-product","3":"status-publish","4":"has-post-thumbnail","6":"product_cat-quiropro","8":"first","9":"instock","10":"shipping-taxable","11":"purchasable","12":"product-type-simple"},"yoast_head":"<!-- This site is optimized with the Yoast SEO plugin v24.3 - https:\/\/yoast.com\/wordpress\/plugins\/seo\/ -->\n<title>Tra\u00e7\u00e3o Cervical - Capobianco Fisioterapia<\/title>\n<meta name=\"robots\" content=\"index, follow, max-snippet:-1, max-image-preview:large, max-video-preview:-1\" \/>\n<link rel=\"canonical\" href=\"https:\/\/capobiancofisioterapia.com.br\/produtos\/produto\/tracao-cervical\/\" \/>\n<meta property=\"og:locale\" content=\"pt_BR\" \/>\n<meta property=\"og:type\" content=\"article\" \/>\n<meta property=\"og:title\" content=\"Tra\u00e7\u00e3o Cervical - Capobianco Fisioterapia\" \/>\n<meta property=\"og:description\" content=\"O cuidado quiropr\u00e1tico e\/ou tratamento fisioterap\u00eautico podem continuar fora do consult\u00f3rio com a Tra\u00e7\u00e3o Cervical. Tecidos moles da regi\u00e3o cervical, como m\u00fasculos, tend\u00f5es e ligamentos recebem um alongamento profundo em uma forma passiva, com o objetivo de devolver a curva fisiol\u00f3gica cervical, melhorar a mobilidade, al\u00e9m de diminuir a tens\u00e3o muscular, retardando o processo de degenera\u00e7\u00e3o \u00f3ssea e discal. Cada sess\u00e3o dura somente de 5 a 15 minutos.  A Tra\u00e7\u00e3o Cervical \u00e9 feita de espuma viscoel\u00e1stica, acompanha as curvas anat\u00f4micas da cervical. Resulta em um produto confort\u00e1vel, seguro e, o mais importante, eficiente!\" \/>\n<meta property=\"og:url\" content=\"https:\/\/capobiancofisioterapia.com.br\/produtos\/produto\/tracao-cervical\/\" \/>\n<meta property=\"og:site_name\" content=\"Capobianco Fisioterapia\" \/>\n<meta property=\"article:publisher\" content=\"https:\/\/www.facebook.com\/bruna.c.defaria\" \/>\n<meta property=\"article:modified_time\" content=\"2023-10-10T10:42:50+00:00\" \/>\n<meta property=\"og:image\" content=\"https:\/\/capobiancofisioterapia.com.br\/produtos\/wp-content\/uploads\/2018\/05\/tracao-cervical-02.png\" \/>\n\t<meta property=\"og:image:width\" content=\"1200\" \/>\n\t<meta property=\"og:image:height\" content=\"800\" \/>\n\t<meta property=\"og:image:type\" content=\"image\/png\" \/>\n<meta name=\"twitter:card\" content=\"summary_large_image\" \/>\n<script type=\"application\/ld+json\" class=\"yoast-schema-graph\">{\"@context\":\"https:\/\/schema.org\",\"@graph\":[{\"@type\":\"WebPage\",\"@id\":\"https:\/\/capobiancofisioterapia.com.br\/produtos\/produto\/tracao-cervical\/\",\"url\":\"https:\/\/capobiancofisioterapia.com.br\/produtos\/produto\/tracao-cervical\/\",\"name\":\"Tra\u00e7\u00e3o Cervical - Capobianco Fisioterapia\",\"isPartOf\":{\"@id\":\"https:\/\/capobiancofisioterapia.com.br\/produtos\/#website\"},\"primaryImageOfPage\":{\"@id\":\"https:\/\/capobiancofisioterapia.com.br\/produtos\/produto\/tracao-cervical\/#primaryimage\"},\"image\":{\"@id\":\"https:\/\/capobiancofisioterapia.com.br\/produtos\/produto\/tracao-cervical\/#primaryimage\"},\"thumbnailUrl\":\"https:\/\/capobiancofisioterapia.com.br\/produtos\/wp-content\/uploads\/2018\/05\/tracao-cervical-02.png\",\"datePublished\":\"2018-05-24T18:19:37+00:00\",\"dateModified\":\"2023-10-10T10:42:50+00:00\",\"breadcrumb\":{\"@id\":\"https:\/\/capobiancofisioterapia.com.br\/produtos\/produto\/tracao-cervical\/#breadcrumb\"},\"inLanguage\":\"pt-BR\",\"potentialAction\":[{\"@type\":\"ReadAction\",\"target\":[\"https:\/\/capobiancofisioterapia.com.br\/produtos\/produto\/tracao-cervical\/\"]}]},{\"@type\":\"ImageObject\",\"inLanguage\":\"pt-BR\",\"@id\":\"https:\/\/capobiancofisioterapia.com.br\/produtos\/produto\/tracao-cervical\/#primaryimage\",\"url\":\"https:\/\/capobiancofisioterapia.com.br\/produtos\/wp-content\/uploads\/2018\/05\/tracao-cervical-02.png\",\"contentUrl\":\"https:\/\/capobiancofisioterapia.com.br\/produtos\/wp-content\/uploads\/2018\/05\/tracao-cervical-02.png\",\"width\":1200,\"height\":800},{\"@type\":\"BreadcrumbList\",\"@id\":\"https:\/\/capobiancofisioterapia.com.br\/produtos\/produto\/tracao-cervical\/#breadcrumb\",\"itemListElement\":[{\"@type\":\"ListItem\",\"position\":1,\"name\":\"In\u00edcio\",\"item\":\"https:\/\/capobiancofisioterapia.com.br\/produtos\/\"},{\"@type\":\"ListItem\",\"position\":2,\"name\":\"Produtos\",\"item\":\"https:\/\/capobiancofisioterapia.com.br\/produtos\/\"},{\"@type\":\"ListItem\",\"position\":3,\"name\":\"Tra\u00e7\u00e3o Cervical\"}]},{\"@type\":\"WebSite\",\"@id\":\"https:\/\/capobiancofisioterapia.com.br\/produtos\/#website\",\"url\":\"https:\/\/capobiancofisioterapia.com.br\/produtos\/\",\"name\":\"Bruna Capobianco\",\"description\":\"Transformando as incapacidades em possibilidades\",\"potentialAction\":[{\"@type\":\"SearchAction\",\"target\":{\"@type\":\"EntryPoint\",\"urlTemplate\":\"https:\/\/capobiancofisioterapia.com.br\/produtos\/?s={search_term_string}\"},\"query-input\":{\"@type\":\"PropertyValueSpecification\",\"valueRequired\":true,\"valueName\":\"search_term_string\"}}],\"inLanguage\":\"pt-BR\"}]}<\/script>\n<!-- \/ Yoast SEO plugin. -->","yoast_head_json":{"title":"Tra\u00e7\u00e3o Cervical - Capobianco Fisioterapia","robots":{"index":"index","follow":"follow","max-snippet":"max-snippet:-1","max-image-preview":"max-image-preview:large","max-video-preview":"max-video-preview:-1"},"canonical":"https:\/\/capobiancofisioterapia.com.br\/produtos\/produto\/tracao-cervical\/","og_locale":"pt_BR","og_type":"article","og_title":"Tra\u00e7\u00e3o Cervical - Capobianco Fisioterapia","og_description":"O cuidado quiropr\u00e1tico e\/ou tratamento fisioterap\u00eautico podem continuar fora do consult\u00f3rio com a Tra\u00e7\u00e3o Cervical. Tecidos moles da regi\u00e3o cervical, como m\u00fasculos, tend\u00f5es e ligamentos recebem um alongamento profundo em uma forma passiva, com o objetivo de devolver a curva fisiol\u00f3gica cervical, melhorar a mobilidade, al\u00e9m de diminuir a tens\u00e3o muscular, retardando o processo de degenera\u00e7\u00e3o \u00f3ssea e discal. Cada sess\u00e3o dura somente de 5 a 15 minutos.  A Tra\u00e7\u00e3o Cervical \u00e9 feita de espuma viscoel\u00e1stica, acompanha as curvas anat\u00f4micas da cervical. Resulta em um produto confort\u00e1vel, seguro e, o mais importante, eficiente!","og_url":"https:\/\/capobiancofisioterapia.com.br\/produtos\/produto\/tracao-cervical\/","og_site_name":"Capobianco Fisioterapia","article_publisher":"https:\/\/www.facebook.com\/bruna.c.defaria","article_modified_time":"2023-10-10T10:42:50+00:00","og_image":[{"width":1200,"height":800,"url":"https:\/\/capobiancofisioterapia.com.br\/produtos\/wp-content\/uploads\/2018\/05\/tracao-cervical-02.png","type":"image\/png"}],"twitter_card":"summary_large_image","schema":{"@context":"https:\/\/schema.org","@graph":[{"@type":"WebPage","@id":"https:\/\/capobiancofisioterapia.com.br\/produtos\/produto\/tracao-cervical\/","url":"https:\/\/capobiancofisioterapia.com.br\/produtos\/produto\/tracao-cervical\/","name":"Tra\u00e7\u00e3o Cervical - Capobianco Fisioterapia","isPartOf":{"@id":"https:\/\/capobiancofisioterapia.com.br\/produtos\/#website"},"primaryImageOfPage":{"@id":"https:\/\/capobiancofisioterapia.com.br\/produtos\/produto\/tracao-cervical\/#primaryimage"},"image":{"@id":"https:\/\/capobiancofisioterapia.com.br\/produtos\/produto\/tracao-cervical\/#primaryimage"},"thumbnailUrl":"https:\/\/capobiancofisioterapia.com.br\/produtos\/wp-content\/uploads\/2018\/05\/tracao-cervical-02.png","datePublished":"2018-05-24T18:19:37+00:00","dateModified":"2023-10-10T10:42:50+00:00","breadcrumb":{"@id":"https:\/\/capobiancofisioterapia.com.br\/produtos\/produto\/tracao-cervical\/#breadcrumb"},"inLanguage":"pt-BR","potentialAction":[{"@type":"ReadAction","target":["https:\/\/capobiancofisioterapia.com.br\/produtos\/produto\/tracao-cervical\/"]}]},{"@type":"ImageObject","inLanguage":"pt-BR","@id":"https:\/\/capobiancofisioterapia.com.br\/produtos\/produto\/tracao-cervical\/#primaryimage","url":"https:\/\/capobiancofisioterapia.com.br\/produtos\/wp-content\/uploads\/2018\/05\/tracao-cervical-02.png","contentUrl":"https:\/\/capobiancofisioterapia.com.br\/produtos\/wp-content\/uploads\/2018\/05\/tracao-cervical-02.png","width":1200,"height":800},{"@type":"BreadcrumbList","@id":"https:\/\/capobiancofisioterapia.com.br\/produtos\/produto\/tracao-cervical\/#breadcrumb","itemListElement":[{"@type":"ListItem","position":1,"name":"In\u00edcio","item":"https:\/\/capobiancofisioterapia.com.br\/produtos\/"},{"@type":"ListItem","position":2,"name":"Produtos","item":"https:\/\/capobiancofisioterapia.com.br\/produtos\/"},{"@type":"ListItem","position":3,"name":"Tra\u00e7\u00e3o Cervical"}]},{"@type":"WebSite","@id":"https:\/\/capobiancofisioterapia.com.br\/produtos\/#website","url":"https:\/\/capobiancofisioterapia.com.br\/produtos\/","name":"Bruna Capobianco","description":"Transformando as incapacidades em possibilidades","potentialAction":[{"@type":"SearchAction","target":{"@type":"EntryPoint","urlTemplate":"https:\/\/capobiancofisioterapia.com.br\/produtos\/?s={search_term_string}"},"query-input":{"@type":"PropertyValueSpecification","valueRequired":true,"valueName":"search_term_string"}}],"inLanguage":"pt-BR"}]}},"_links":{"self":[{"href":"https:\/\/capobiancofisioterapia.com.br\/produtos\/wp-json\/wp\/v2\/product\/786"}],"collection":[{"href":"https:\/\/capobiancofisioterapia.com.br\/produtos\/wp-json\/wp\/v2\/product"}],"about":[{"href":"https:\/\/capobiancofisioterapia.com.br\/produtos\/wp-json\/wp\/v2\/types\/product"}],"replies":[{"embeddable":true,"href":"https:\/\/capobiancofisioterapia.com.br\/produtos\/wp-json\/wp\/v2\/comments?post=786"}],"wp:featuredmedia":[{"embeddable":true,"href":"https:\/\/capobiancofisioterapia.com.br\/produtos\/wp-json\/wp\/v2\/media\/805"}],"wp:attachment":[{"href":"https:\/\/capobiancofisioterapia.com.br\/produtos\/wp-json\/wp\/v2\/media?parent=786"}],"wp:term":[{"taxonomy":"product_brand","embeddable":true,"href":"https:\/\/capobiancofisioterapia.com.br\/produtos\/wp-json\/wp\/v2\/product_brand?post=786"},{"taxonomy":"product_cat","embeddable":true,"href":"https:\/\/capobiancofisioterapia.com.br\/produtos\/wp-json\/wp\/v2\/product_cat?post=786"},{"taxonomy":"product_tag","embeddable":true,"href":"https:\/\/capobiancofisioterapia.com.br\/produtos\/wp-json\/wp\/v2\/product_tag?post=786"}],"curies":[{"name":"wp","href":"https:\/\/api.w.org\/{rel}","templated":true}]}}